{"id":10567,"date":"2025-02-11T10:36:50","date_gmt":"2025-02-11T10:36:50","guid":{"rendered":"https:\/\/castelodesaojorge.pt\/agenda\/court-dances-at-the-castle-15th-century\/"},"modified":"2025-02-13T15:39:27","modified_gmt":"2025-02-13T15:39:27","slug":"court-dances-at-the-castle-15th-century","status":"publish","type":"mec-events","link":"https:\/\/castelodesaojorge.pt\/en\/agenda\/court-dances-at-the-castle-15th-century\/","title":{"rendered":"Court Dances at the Castle &#8211; 15th Century"},"content":{"rendered":"<p>Castelo de S\u00e3o Jorge invites visitors to step into the vibrant court celebrations of the 15th, 16th, and 17th centuries, where dance evolved into a grand spectacle!<br \/>\nThrough a series of historical reenactments showcasing dance, music, and spoken word from these three distinct eras, the Dan\u00e7as com Hist\u00f3ria Association will present the various artistic expressions within the social, political, and cultural contexts of each period.<\/p>\n<p><strong>April 13, September 14: The 15th century with Gil Vicente<\/strong><br \/>\nGil Vicente pays tribute to Infante D. Jo\u00e3o, son of the King D. Manuel and his wife, D. Maria, in a splendid celebration at the Portuguese court. The festivity is attended by D. Leonor, widow of the late King D. Jo\u00e3o II, and D. Beatriz, mother of D. Manuel, to commemorate the birth of the prince. The event is marked by vibrant dances and a display of the riches arriving from all corners of the newly discovered world.  <\/p>\n<p><strong>April 13, September 14 \u2013 11AM \u2013 The 15th Century with Gil Vicente<br \/>\nMay 11, October 12 \u2013 11AM \u2013 The 16th Century with Cam\u00f5es<br \/>\njune 8th \u2013 11AM \u2013 The 17th Century with Francisco Manuel de Melo<\/strong><br \/>\n11AM | Approximate duration 1h<br \/>\nAges 4+ | No booking | Included in the Castle entry ticket<br \/>\nDemonstration and historical reenactment<\/p>\n<p>Partner: Associa\u00e7\u00e3o Dan\u00e7as com Hist\u00f3ria<\/p>\n<ul>\n<strong><br \/>\nThis is an outdoor activity and may be subject to weather conditions. In the event of extreme weather, the date and schedule may be adjusted. <\/strong><\/ul>\n","protected":false},"excerpt":{"rendered":"<p>Castelo de S\u00e3o Jorge invites visitors to step into the vibrant court celebrations of the 15th, 16th, and 17th centuries, where dance evolved into a grand spectacle! Through a series of historical reenactments showcasing dance, music, and spoken word from these three distinct eras, the Dan\u00e7as com Hist\u00f3ria Association will present the various artistic expressions [&hellip;]<\/p>\n","protected":false},"author":3,"featured_media":10504,"comment_status":"open","ping_status":"closed","template":"","tags":[],"mec_category":[],"class_list":["post-10567","mec-events","type-mec-events","status-publish","has-post-thumbnail","hentry"],"acf":[],"yoast_head":"<!-- This site is optimized with the Yoast SEO plugin v27.5 - https:\/\/yoast.com\/product\/yoast-seo-wordpress\/ -->\n<title>Court Dances at the Castle - 15th Century - Castelo de S\u00e3o Jorge<\/title>\n<meta name=\"robots\" content=\"index, follow, max-snippet:-1, max-image-preview:large, max-video-preview:-1\" \/>\n<link rel=\"canonical\" href=\"https:\/\/castelodesaojorge.pt\/en\/agenda\/court-dances-at-the-castle-15th-century\/\" \/>\n<meta property=\"og:locale\" content=\"en_US\" \/>\n<meta property=\"og:type\" content=\"article\" \/>\n<meta property=\"og:title\" content=\"Court Dances at the Castle - 15th Century - Castelo de S\u00e3o Jorge\" \/>\n<meta property=\"og:description\" content=\"Castelo de S\u00e3o Jorge invites visitors to step into the vibrant court celebrations of the 15th, 16th, and 17th centuries, where dance evolved into a grand spectacle! Through a series of historical reenactments showcasing dance, music, and spoken word from these three distinct eras, the Dan\u00e7as com Hist\u00f3ria Association will present the various artistic expressions [&hellip;]\" \/>\n<meta property=\"og:url\" content=\"https:\/\/castelodesaojorge.pt\/en\/agenda\/court-dances-at-the-castle-15th-century\/\" \/>\n<meta property=\"og:site_name\" content=\"Castelo de S\u00e3o Jorge\" \/>\n<meta property=\"article:publisher\" content=\"https:\/\/www.facebook.com\/castelodesaojorge\" \/>\n<meta property=\"article:modified_time\" content=\"2025-02-13T15:39:27+00:00\" \/>\n<meta property=\"og:image\" content=\"https:\/\/castelodesaojorge.pt\/wp-content\/uploads\/2025\/02\/\u00a9Foto.Jose-Frade-20.07.19-06027-1-scaled.jpg\" \/>\n\t<meta property=\"og:image:width\" content=\"2560\" \/>\n\t<meta property=\"og:image:height\" content=\"1707\" \/>\n\t<meta property=\"og:image:type\" content=\"image\/jpeg\" \/>\n<meta name=\"twitter:card\" content=\"summary_large_image\" \/>\n<meta name=\"twitter:label1\" content=\"Est. reading time\" \/>\n\t<meta name=\"twitter:data1\" content=\"1 minute\" \/>\n<script type=\"application\/ld+json\" class=\"yoast-schema-graph\">{\"@context\":\"https:\\\/\\\/schema.org\",\"@graph\":[{\"@type\":\"WebPage\",\"@id\":\"https:\\\/\\\/castelodesaojorge.pt\\\/en\\\/agenda\\\/court-dances-at-the-castle-15th-century\\\/\",\"url\":\"https:\\\/\\\/castelodesaojorge.pt\\\/en\\\/agenda\\\/court-dances-at-the-castle-15th-century\\\/\",\"name\":\"Court Dances at the Castle - 15th Century - Castelo de S\u00e3o Jorge\",\"isPartOf\":{\"@id\":\"https:\\\/\\\/castelodesaojorge.pt\\\/en\\\/#website\"},\"primaryImageOfPage\":{\"@id\":\"https:\\\/\\\/castelodesaojorge.pt\\\/en\\\/agenda\\\/court-dances-at-the-castle-15th-century\\\/#primaryimage\"},\"image\":{\"@id\":\"https:\\\/\\\/castelodesaojorge.pt\\\/en\\\/agenda\\\/court-dances-at-the-castle-15th-century\\\/#primaryimage\"},\"thumbnailUrl\":\"https:\\\/\\\/castelodesaojorge.pt\\\/wp-content\\\/uploads\\\/2025\\\/02\\\/\u00a9Foto.Jose-Frade-20.07.19-06027-1-scaled.jpg\",\"datePublished\":\"2025-02-11T10:36:50+00:00\",\"dateModified\":\"2025-02-13T15:39:27+00:00\",\"breadcrumb\":{\"@id\":\"https:\\\/\\\/castelodesaojorge.pt\\\/en\\\/agenda\\\/court-dances-at-the-castle-15th-century\\\/#breadcrumb\"},\"inLanguage\":\"en-US\",\"potentialAction\":[{\"@type\":\"ReadAction\",\"target\":[\"https:\\\/\\\/castelodesaojorge.pt\\\/en\\\/agenda\\\/court-dances-at-the-castle-15th-century\\\/\"]}]},{\"@type\":\"ImageObject\",\"inLanguage\":\"en-US\",\"@id\":\"https:\\\/\\\/castelodesaojorge.pt\\\/en\\\/agenda\\\/court-dances-at-the-castle-15th-century\\\/#primaryimage\",\"url\":\"https:\\\/\\\/castelodesaojorge.pt\\\/wp-content\\\/uploads\\\/2025\\\/02\\\/\u00a9Foto.Jose-Frade-20.07.19-06027-1-scaled.jpg\",\"contentUrl\":\"https:\\\/\\\/castelodesaojorge.pt\\\/wp-content\\\/uploads\\\/2025\\\/02\\\/\u00a9Foto.Jose-Frade-20.07.19-06027-1-scaled.jpg\",\"width\":2560,\"height\":1707},{\"@type\":\"BreadcrumbList\",\"@id\":\"https:\\\/\\\/castelodesaojorge.pt\\\/en\\\/agenda\\\/court-dances-at-the-castle-15th-century\\\/#breadcrumb\",\"itemListElement\":[{\"@type\":\"ListItem\",\"position\":1,\"name\":\"In\u00edcio\",\"item\":\"https:\\\/\\\/castelodesaojorge.pt\\\/en\\\/\"},{\"@type\":\"ListItem\",\"position\":2,\"name\":\"Events\",\"item\":\"https:\\\/\\\/castelodesaojorge.pt\\\/en\\\/agenda\\\/\"},{\"@type\":\"ListItem\",\"position\":3,\"name\":\"Court Dances at the Castle &#8211; 15th Century\"}]},{\"@type\":\"WebSite\",\"@id\":\"https:\\\/\\\/castelodesaojorge.pt\\\/en\\\/#website\",\"url\":\"https:\\\/\\\/castelodesaojorge.pt\\\/en\\\/\",\"name\":\"Castelo de S\u00e3o Jorge\",\"description\":\"\",\"publisher\":{\"@id\":\"https:\\\/\\\/castelodesaojorge.pt\\\/en\\\/#organization\"},\"potentialAction\":[{\"@type\":\"SearchAction\",\"target\":{\"@type\":\"EntryPoint\",\"urlTemplate\":\"https:\\\/\\\/castelodesaojorge.pt\\\/en\\\/?s={search_term_string}\"},\"query-input\":{\"@type\":\"PropertyValueSpecification\",\"valueRequired\":true,\"valueName\":\"search_term_string\"}}],\"inLanguage\":\"en-US\"},{\"@type\":\"Organization\",\"@id\":\"https:\\\/\\\/castelodesaojorge.pt\\\/en\\\/#organization\",\"name\":\"Castelo de S\u00e3o Jorge\",\"url\":\"https:\\\/\\\/castelodesaojorge.pt\\\/en\\\/\",\"logo\":{\"@type\":\"ImageObject\",\"inLanguage\":\"en-US\",\"@id\":\"https:\\\/\\\/castelodesaojorge.pt\\\/en\\\/#\\\/schema\\\/logo\\\/image\\\/\",\"url\":\"https:\\\/\\\/castelodesaojorge.pt\\\/wp-content\\\/uploads\\\/2022\\\/07\\\/brancalogomarca_comp.png\",\"contentUrl\":\"https:\\\/\\\/castelodesaojorge.pt\\\/wp-content\\\/uploads\\\/2022\\\/07\\\/brancalogomarca_comp.png\",\"width\":295,\"height\":80,\"caption\":\"Castelo de S\u00e3o Jorge\"},\"image\":{\"@id\":\"https:\\\/\\\/castelodesaojorge.pt\\\/en\\\/#\\\/schema\\\/logo\\\/image\\\/\"},\"sameAs\":[\"https:\\\/\\\/www.facebook.com\\\/castelodesaojorge\",\"https:\\\/\\\/www.instagram.com\\\/castelodesjorge\\\/\"]}]}<\/script>\n<!-- \/ Yoast SEO plugin. -->","yoast_head_json":{"title":"Court Dances at the Castle - 15th Century - Castelo de S\u00e3o Jorge","robots":{"index":"index","follow":"follow","max-snippet":"max-snippet:-1","max-image-preview":"max-image-preview:large","max-video-preview":"max-video-preview:-1"},"canonical":"https:\/\/castelodesaojorge.pt\/en\/agenda\/court-dances-at-the-castle-15th-century\/","og_locale":"en_US","og_type":"article","og_title":"Court Dances at the Castle - 15th Century - Castelo de S\u00e3o Jorge","og_description":"Castelo de S\u00e3o Jorge invites visitors to step into the vibrant court celebrations of the 15th, 16th, and 17th centuries, where dance evolved into a grand spectacle! Through a series of historical reenactments showcasing dance, music, and spoken word from these three distinct eras, the Dan\u00e7as com Hist\u00f3ria Association will present the various artistic expressions [&hellip;]","og_url":"https:\/\/castelodesaojorge.pt\/en\/agenda\/court-dances-at-the-castle-15th-century\/","og_site_name":"Castelo de S\u00e3o Jorge","article_publisher":"https:\/\/www.facebook.com\/castelodesaojorge","article_modified_time":"2025-02-13T15:39:27+00:00","og_image":[{"width":2560,"height":1707,"url":"https:\/\/castelodesaojorge.pt\/wp-content\/uploads\/2025\/02\/\u00a9Foto.Jose-Frade-20.07.19-06027-1-scaled.jpg","type":"image\/jpeg"}],"twitter_card":"summary_large_image","twitter_misc":{"Est. reading time":"1 minute"},"schema":{"@context":"https:\/\/schema.org","@graph":[{"@type":"WebPage","@id":"https:\/\/castelodesaojorge.pt\/en\/agenda\/court-dances-at-the-castle-15th-century\/","url":"https:\/\/castelodesaojorge.pt\/en\/agenda\/court-dances-at-the-castle-15th-century\/","name":"Court Dances at the Castle - 15th Century - Castelo de S\u00e3o Jorge","isPartOf":{"@id":"https:\/\/castelodesaojorge.pt\/en\/#website"},"primaryImageOfPage":{"@id":"https:\/\/castelodesaojorge.pt\/en\/agenda\/court-dances-at-the-castle-15th-century\/#primaryimage"},"image":{"@id":"https:\/\/castelodesaojorge.pt\/en\/agenda\/court-dances-at-the-castle-15th-century\/#primaryimage"},"thumbnailUrl":"https:\/\/castelodesaojorge.pt\/wp-content\/uploads\/2025\/02\/\u00a9Foto.Jose-Frade-20.07.19-06027-1-scaled.jpg","datePublished":"2025-02-11T10:36:50+00:00","dateModified":"2025-02-13T15:39:27+00:00","breadcrumb":{"@id":"https:\/\/castelodesaojorge.pt\/en\/agenda\/court-dances-at-the-castle-15th-century\/#breadcrumb"},"inLanguage":"en-US","potentialAction":[{"@type":"ReadAction","target":["https:\/\/castelodesaojorge.pt\/en\/agenda\/court-dances-at-the-castle-15th-century\/"]}]},{"@type":"ImageObject","inLanguage":"en-US","@id":"https:\/\/castelodesaojorge.pt\/en\/agenda\/court-dances-at-the-castle-15th-century\/#primaryimage","url":"https:\/\/castelodesaojorge.pt\/wp-content\/uploads\/2025\/02\/\u00a9Foto.Jose-Frade-20.07.19-06027-1-scaled.jpg","contentUrl":"https:\/\/castelodesaojorge.pt\/wp-content\/uploads\/2025\/02\/\u00a9Foto.Jose-Frade-20.07.19-06027-1-scaled.jpg","width":2560,"height":1707},{"@type":"BreadcrumbList","@id":"https:\/\/castelodesaojorge.pt\/en\/agenda\/court-dances-at-the-castle-15th-century\/#breadcrumb","itemListElement":[{"@type":"ListItem","position":1,"name":"In\u00edcio","item":"https:\/\/castelodesaojorge.pt\/en\/"},{"@type":"ListItem","position":2,"name":"Events","item":"https:\/\/castelodesaojorge.pt\/en\/agenda\/"},{"@type":"ListItem","position":3,"name":"Court Dances at the Castle &#8211; 15th Century"}]},{"@type":"WebSite","@id":"https:\/\/castelodesaojorge.pt\/en\/#website","url":"https:\/\/castelodesaojorge.pt\/en\/","name":"Castelo de S\u00e3o Jorge","description":"","publisher":{"@id":"https:\/\/castelodesaojorge.pt\/en\/#organization"},"potentialAction":[{"@type":"SearchAction","target":{"@type":"EntryPoint","urlTemplate":"https:\/\/castelodesaojorge.pt\/en\/?s={search_term_string}"},"query-input":{"@type":"PropertyValueSpecification","valueRequired":true,"valueName":"search_term_string"}}],"inLanguage":"en-US"},{"@type":"Organization","@id":"https:\/\/castelodesaojorge.pt\/en\/#organization","name":"Castelo de S\u00e3o Jorge","url":"https:\/\/castelodesaojorge.pt\/en\/","logo":{"@type":"ImageObject","inLanguage":"en-US","@id":"https:\/\/castelodesaojorge.pt\/en\/#\/schema\/logo\/image\/","url":"https:\/\/castelodesaojorge.pt\/wp-content\/uploads\/2022\/07\/brancalogomarca_comp.png","contentUrl":"https:\/\/castelodesaojorge.pt\/wp-content\/uploads\/2022\/07\/brancalogomarca_comp.png","width":295,"height":80,"caption":"Castelo de S\u00e3o Jorge"},"image":{"@id":"https:\/\/castelodesaojorge.pt\/en\/#\/schema\/logo\/image\/"},"sameAs":["https:\/\/www.facebook.com\/castelodesaojorge","https:\/\/www.instagram.com\/castelodesjorge\/"]}]}},"featured_img":"https:\/\/castelodesaojorge.pt\/wp-content\/uploads\/2025\/02\/\u00a9Foto.Jose-Frade-20.07.19-06027-1-scaled.jpg","coauthors":[],"author_meta":{"author_link":"https:\/\/castelodesaojorge.pt\/en\/author\/joana-blasques\/","display_name":"Joana Blasques"},"relative_dates":{"created":"Posted 1 year ago","modified":"Updated 1 year ago"},"absolute_dates":{"created":"Posted on 11 de February, 2025","modified":"Updated on 13 de February, 2025"},"absolute_dates_time":{"created":"Posted on 11 de February, 2025 10:36","modified":"Updated on 13 de February, 2025 15:39"},"featured_img_caption":"","tax_additional":{"post_tag":{"linked":[],"unlinked":[],"slug":"post_tag","name":"Tags"},"mec_category":{"linked":[],"unlinked":[],"slug":"mec_category","name":"Categories"},"mec_label":{"linked":[],"unlinked":[],"slug":"mec_label","name":"Labels"},"mec_location":{"linked":[],"unlinked":[],"slug":"mec_location","name":"Locations"},"mec_organizer":{"linked":[],"unlinked":[],"slug":"mec_organizer","name":"Organizers"}},"series_order":"","_links":{"self":[{"href":"https:\/\/castelodesaojorge.pt\/en\/wp-json\/wp\/v2\/mec-events\/10567","targetHints":{"allow":["GET"]}}],"collection":[{"href":"https:\/\/castelodesaojorge.pt\/en\/wp-json\/wp\/v2\/mec-events"}],"about":[{"href":"https:\/\/castelodesaojorge.pt\/en\/wp-json\/wp\/v2\/types\/mec-events"}],"author":[{"embeddable":true,"href":"https:\/\/castelodesaojorge.pt\/en\/wp-json\/wp\/v2\/users\/3"}],"replies":[{"embeddable":true,"href":"https:\/\/castelodesaojorge.pt\/en\/wp-json\/wp\/v2\/comments?post=10567"}],"wp:featuredmedia":[{"embeddable":true,"href":"https:\/\/castelodesaojorge.pt\/en\/wp-json\/wp\/v2\/media\/10504"}],"wp:attachment":[{"href":"https:\/\/castelodesaojorge.pt\/en\/wp-json\/wp\/v2\/media?parent=10567"}],"wp:term":[{"taxonomy":"post_tag","embeddable":true,"href":"https:\/\/castelodesaojorge.pt\/en\/wp-json\/wp\/v2\/tags?post=10567"},{"taxonomy":"mec_category","embeddable":true,"href":"https:\/\/castelodesaojorge.pt\/en\/wp-json\/wp\/v2\/mec_category?post=10567"}],"curies":[{"name":"wp","href":"https:\/\/api.w.org\/{rel}","templated":true}]}}