{"id":8496,"date":"2023-08-17T10:28:08","date_gmt":"2023-08-17T10:28:08","guid":{"rendered":"https:\/\/castelodesaojorge.pt\/agenda\/do-you-mix-garum-with-shredded-chicken-only-at-castelo-de-sao-jorge\/"},"modified":"2023-08-17T10:28:08","modified_gmt":"2023-08-17T10:28:08","slug":"do-you-mix-garum-with-shredded-chicken-only-at-castelo-de-sao-jorge","status":"publish","type":"mec-events","link":"https:\/\/castelodesaojorge.pt\/en\/agenda\/do-you-mix-garum-with-shredded-chicken-only-at-castelo-de-sao-jorge\/","title":{"rendered":"Do you mix garum with shredded chicken? Only at Castelo de S\u00e3o Jorge"},"content":{"rendered":"<p><strong>Do you mix garum with shredded chicken? Only at Castelo de S\u00e3o Jorge<\/strong><\/p>\n<p>What did Portuguese food consist of in the 15th and 16th centuries? How was the food prepared? Where were the products stored? How were the ingredients acquired? Would kitchens be similar to those of today? Were there recipes? How has Portuguese gastronomy evolved throughout history? We will answer all these questions at Castelo de S\u00e3o Jorge. The 16th of October marks World Food Day and that&#8217;s why we&#8217;re going to go back in time and get to know very old kitchens! Let&#8217;s understand what was consumed in Portugal and how some foods and cooking techniques have remained until today. To do this, let&#8217;s get to know a cookbook dating from the 16th century and learn some recipes.<\/p>\n<p><strong>October 15th \u2013 Sunday<br \/>\nWorkshop for families<br \/>\n3 pm | Age 6+ | Length 1h<br \/>\n+4 \u20ac (booking required) | maximum 15 participants<\/p>\n<p>Booking required<\/strong><br \/>\nservicoeducativo@castelodesaojorge.pt (Monday to Friday 9.30 am to 5.30 pm)<br \/>\n+351 218 800 620 (every day)<\/p>\n","protected":false},"excerpt":{"rendered":"<p>Do you mix garum with shredded chicken? Only at Castelo de S\u00e3o Jorge What did Portuguese food consist of in the 15th and 16th centuries? How was the food prepared? Where were the products stored? How were the ingredients acquired? Would kitchens be similar to those of today? Were there recipes? How has Portuguese gastronomy [&hellip;]<\/p>\n","protected":false},"author":3,"featured_media":8489,"comment_status":"open","ping_status":"closed","template":"","tags":[],"mec_category":[],"class_list":["post-8496","mec-events","type-mec-events","status-publish","has-post-thumbnail","hentry"],"acf":[],"yoast_head":"<!-- This site is optimized with the Yoast SEO plugin v27.5 - https:\/\/yoast.com\/product\/yoast-seo-wordpress\/ -->\n<title>Do you mix garum with shredded chicken? Only at Castelo de S\u00e3o Jorge - Castelo de S\u00e3o Jorge<\/title>\n<meta name=\"robots\" content=\"index, follow, max-snippet:-1, max-image-preview:large, max-video-preview:-1\" \/>\n<link rel=\"canonical\" href=\"https:\/\/castelodesaojorge.pt\/en\/agenda\/do-you-mix-garum-with-shredded-chicken-only-at-castelo-de-sao-jorge\/\" \/>\n<meta property=\"og:locale\" content=\"en_US\" \/>\n<meta property=\"og:type\" content=\"article\" \/>\n<meta property=\"og:title\" content=\"Do you mix garum with shredded chicken? Only at Castelo de S\u00e3o Jorge - Castelo de S\u00e3o Jorge\" \/>\n<meta property=\"og:description\" content=\"Do you mix garum with shredded chicken? Only at Castelo de S\u00e3o Jorge What did Portuguese food consist of in the 15th and 16th centuries? How was the food prepared? Where were the products stored? How were the ingredients acquired? Would kitchens be similar to those of today? Were there recipes? How has Portuguese gastronomy [&hellip;]\" \/>\n<meta property=\"og:url\" content=\"https:\/\/castelodesaojorge.pt\/en\/agenda\/do-you-mix-garum-with-shredded-chicken-only-at-castelo-de-sao-jorge\/\" \/>\n<meta property=\"og:site_name\" content=\"Castelo de S\u00e3o Jorge\" \/>\n<meta property=\"article:publisher\" content=\"https:\/\/www.facebook.com\/castelodesaojorge\" \/>\n<meta property=\"og:image\" content=\"https:\/\/castelodesaojorge.pt\/wp-content\/uploads\/2023\/08\/Mistura-se-garum-com-galinha-desfiada_Fotografia-Tiago-Ladeira-scaled.jpg\" \/>\n\t<meta property=\"og:image:width\" content=\"2560\" \/>\n\t<meta property=\"og:image:height\" content=\"1707\" \/>\n\t<meta property=\"og:image:type\" content=\"image\/jpeg\" \/>\n<meta name=\"twitter:card\" content=\"summary_large_image\" \/>\n<meta name=\"twitter:label1\" content=\"Est. reading time\" \/>\n\t<meta name=\"twitter:data1\" content=\"1 minute\" \/>\n<script type=\"application\/ld+json\" class=\"yoast-schema-graph\">{\"@context\":\"https:\\\/\\\/schema.org\",\"@graph\":[{\"@type\":\"WebPage\",\"@id\":\"https:\\\/\\\/castelodesaojorge.pt\\\/en\\\/agenda\\\/do-you-mix-garum-with-shredded-chicken-only-at-castelo-de-sao-jorge\\\/\",\"url\":\"https:\\\/\\\/castelodesaojorge.pt\\\/en\\\/agenda\\\/do-you-mix-garum-with-shredded-chicken-only-at-castelo-de-sao-jorge\\\/\",\"name\":\"Do you mix garum with shredded chicken? Only at Castelo de S\u00e3o Jorge - Castelo de S\u00e3o Jorge\",\"isPartOf\":{\"@id\":\"https:\\\/\\\/castelodesaojorge.pt\\\/en\\\/#website\"},\"primaryImageOfPage\":{\"@id\":\"https:\\\/\\\/castelodesaojorge.pt\\\/en\\\/agenda\\\/do-you-mix-garum-with-shredded-chicken-only-at-castelo-de-sao-jorge\\\/#primaryimage\"},\"image\":{\"@id\":\"https:\\\/\\\/castelodesaojorge.pt\\\/en\\\/agenda\\\/do-you-mix-garum-with-shredded-chicken-only-at-castelo-de-sao-jorge\\\/#primaryimage\"},\"thumbnailUrl\":\"https:\\\/\\\/castelodesaojorge.pt\\\/wp-content\\\/uploads\\\/2023\\\/08\\\/Mistura-se-garum-com-galinha-desfiada_Fotografia-Tiago-Ladeira-scaled.jpg\",\"datePublished\":\"2023-08-17T10:28:08+00:00\",\"breadcrumb\":{\"@id\":\"https:\\\/\\\/castelodesaojorge.pt\\\/en\\\/agenda\\\/do-you-mix-garum-with-shredded-chicken-only-at-castelo-de-sao-jorge\\\/#breadcrumb\"},\"inLanguage\":\"en-US\",\"potentialAction\":[{\"@type\":\"ReadAction\",\"target\":[\"https:\\\/\\\/castelodesaojorge.pt\\\/en\\\/agenda\\\/do-you-mix-garum-with-shredded-chicken-only-at-castelo-de-sao-jorge\\\/\"]}]},{\"@type\":\"ImageObject\",\"inLanguage\":\"en-US\",\"@id\":\"https:\\\/\\\/castelodesaojorge.pt\\\/en\\\/agenda\\\/do-you-mix-garum-with-shredded-chicken-only-at-castelo-de-sao-jorge\\\/#primaryimage\",\"url\":\"https:\\\/\\\/castelodesaojorge.pt\\\/wp-content\\\/uploads\\\/2023\\\/08\\\/Mistura-se-garum-com-galinha-desfiada_Fotografia-Tiago-Ladeira-scaled.jpg\",\"contentUrl\":\"https:\\\/\\\/castelodesaojorge.pt\\\/wp-content\\\/uploads\\\/2023\\\/08\\\/Mistura-se-garum-com-galinha-desfiada_Fotografia-Tiago-Ladeira-scaled.jpg\",\"width\":2560,\"height\":1707},{\"@type\":\"BreadcrumbList\",\"@id\":\"https:\\\/\\\/castelodesaojorge.pt\\\/en\\\/agenda\\\/do-you-mix-garum-with-shredded-chicken-only-at-castelo-de-sao-jorge\\\/#breadcrumb\",\"itemListElement\":[{\"@type\":\"ListItem\",\"position\":1,\"name\":\"In\u00edcio\",\"item\":\"https:\\\/\\\/castelodesaojorge.pt\\\/en\\\/\"},{\"@type\":\"ListItem\",\"position\":2,\"name\":\"Events\",\"item\":\"https:\\\/\\\/castelodesaojorge.pt\\\/en\\\/agenda\\\/\"},{\"@type\":\"ListItem\",\"position\":3,\"name\":\"Do you mix garum with shredded chicken? Only at Castelo de S\u00e3o Jorge\"}]},{\"@type\":\"WebSite\",\"@id\":\"https:\\\/\\\/castelodesaojorge.pt\\\/en\\\/#website\",\"url\":\"https:\\\/\\\/castelodesaojorge.pt\\\/en\\\/\",\"name\":\"Castelo de S\u00e3o Jorge\",\"description\":\"\",\"publisher\":{\"@id\":\"https:\\\/\\\/castelodesaojorge.pt\\\/en\\\/#organization\"},\"potentialAction\":[{\"@type\":\"SearchAction\",\"target\":{\"@type\":\"EntryPoint\",\"urlTemplate\":\"https:\\\/\\\/castelodesaojorge.pt\\\/en\\\/?s={search_term_string}\"},\"query-input\":{\"@type\":\"PropertyValueSpecification\",\"valueRequired\":true,\"valueName\":\"search_term_string\"}}],\"inLanguage\":\"en-US\"},{\"@type\":\"Organization\",\"@id\":\"https:\\\/\\\/castelodesaojorge.pt\\\/en\\\/#organization\",\"name\":\"Castelo de S\u00e3o Jorge\",\"url\":\"https:\\\/\\\/castelodesaojorge.pt\\\/en\\\/\",\"logo\":{\"@type\":\"ImageObject\",\"inLanguage\":\"en-US\",\"@id\":\"https:\\\/\\\/castelodesaojorge.pt\\\/en\\\/#\\\/schema\\\/logo\\\/image\\\/\",\"url\":\"https:\\\/\\\/castelodesaojorge.pt\\\/wp-content\\\/uploads\\\/2022\\\/07\\\/brancalogomarca_comp.png\",\"contentUrl\":\"https:\\\/\\\/castelodesaojorge.pt\\\/wp-content\\\/uploads\\\/2022\\\/07\\\/brancalogomarca_comp.png\",\"width\":295,\"height\":80,\"caption\":\"Castelo de S\u00e3o Jorge\"},\"image\":{\"@id\":\"https:\\\/\\\/castelodesaojorge.pt\\\/en\\\/#\\\/schema\\\/logo\\\/image\\\/\"},\"sameAs\":[\"https:\\\/\\\/www.facebook.com\\\/castelodesaojorge\",\"https:\\\/\\\/www.instagram.com\\\/castelodesjorge\\\/\"]}]}<\/script>\n<!-- \/ Yoast SEO plugin. -->","yoast_head_json":{"title":"Do you mix garum with shredded chicken? Only at Castelo de S\u00e3o Jorge - Castelo de S\u00e3o Jorge","robots":{"index":"index","follow":"follow","max-snippet":"max-snippet:-1","max-image-preview":"max-image-preview:large","max-video-preview":"max-video-preview:-1"},"canonical":"https:\/\/castelodesaojorge.pt\/en\/agenda\/do-you-mix-garum-with-shredded-chicken-only-at-castelo-de-sao-jorge\/","og_locale":"en_US","og_type":"article","og_title":"Do you mix garum with shredded chicken? Only at Castelo de S\u00e3o Jorge - Castelo de S\u00e3o Jorge","og_description":"Do you mix garum with shredded chicken? Only at Castelo de S\u00e3o Jorge What did Portuguese food consist of in the 15th and 16th centuries? How was the food prepared? Where were the products stored? How were the ingredients acquired? Would kitchens be similar to those of today? Were there recipes? How has Portuguese gastronomy [&hellip;]","og_url":"https:\/\/castelodesaojorge.pt\/en\/agenda\/do-you-mix-garum-with-shredded-chicken-only-at-castelo-de-sao-jorge\/","og_site_name":"Castelo de S\u00e3o Jorge","article_publisher":"https:\/\/www.facebook.com\/castelodesaojorge","og_image":[{"width":2560,"height":1707,"url":"https:\/\/castelodesaojorge.pt\/wp-content\/uploads\/2023\/08\/Mistura-se-garum-com-galinha-desfiada_Fotografia-Tiago-Ladeira-scaled.jpg","type":"image\/jpeg"}],"twitter_card":"summary_large_image","twitter_misc":{"Est. reading time":"1 minute"},"schema":{"@context":"https:\/\/schema.org","@graph":[{"@type":"WebPage","@id":"https:\/\/castelodesaojorge.pt\/en\/agenda\/do-you-mix-garum-with-shredded-chicken-only-at-castelo-de-sao-jorge\/","url":"https:\/\/castelodesaojorge.pt\/en\/agenda\/do-you-mix-garum-with-shredded-chicken-only-at-castelo-de-sao-jorge\/","name":"Do you mix garum with shredded chicken? Only at Castelo de S\u00e3o Jorge - Castelo de S\u00e3o Jorge","isPartOf":{"@id":"https:\/\/castelodesaojorge.pt\/en\/#website"},"primaryImageOfPage":{"@id":"https:\/\/castelodesaojorge.pt\/en\/agenda\/do-you-mix-garum-with-shredded-chicken-only-at-castelo-de-sao-jorge\/#primaryimage"},"image":{"@id":"https:\/\/castelodesaojorge.pt\/en\/agenda\/do-you-mix-garum-with-shredded-chicken-only-at-castelo-de-sao-jorge\/#primaryimage"},"thumbnailUrl":"https:\/\/castelodesaojorge.pt\/wp-content\/uploads\/2023\/08\/Mistura-se-garum-com-galinha-desfiada_Fotografia-Tiago-Ladeira-scaled.jpg","datePublished":"2023-08-17T10:28:08+00:00","breadcrumb":{"@id":"https:\/\/castelodesaojorge.pt\/en\/agenda\/do-you-mix-garum-with-shredded-chicken-only-at-castelo-de-sao-jorge\/#breadcrumb"},"inLanguage":"en-US","potentialAction":[{"@type":"ReadAction","target":["https:\/\/castelodesaojorge.pt\/en\/agenda\/do-you-mix-garum-with-shredded-chicken-only-at-castelo-de-sao-jorge\/"]}]},{"@type":"ImageObject","inLanguage":"en-US","@id":"https:\/\/castelodesaojorge.pt\/en\/agenda\/do-you-mix-garum-with-shredded-chicken-only-at-castelo-de-sao-jorge\/#primaryimage","url":"https:\/\/castelodesaojorge.pt\/wp-content\/uploads\/2023\/08\/Mistura-se-garum-com-galinha-desfiada_Fotografia-Tiago-Ladeira-scaled.jpg","contentUrl":"https:\/\/castelodesaojorge.pt\/wp-content\/uploads\/2023\/08\/Mistura-se-garum-com-galinha-desfiada_Fotografia-Tiago-Ladeira-scaled.jpg","width":2560,"height":1707},{"@type":"BreadcrumbList","@id":"https:\/\/castelodesaojorge.pt\/en\/agenda\/do-you-mix-garum-with-shredded-chicken-only-at-castelo-de-sao-jorge\/#breadcrumb","itemListElement":[{"@type":"ListItem","position":1,"name":"In\u00edcio","item":"https:\/\/castelodesaojorge.pt\/en\/"},{"@type":"ListItem","position":2,"name":"Events","item":"https:\/\/castelodesaojorge.pt\/en\/agenda\/"},{"@type":"ListItem","position":3,"name":"Do you mix garum with shredded chicken? Only at Castelo de S\u00e3o Jorge"}]},{"@type":"WebSite","@id":"https:\/\/castelodesaojorge.pt\/en\/#website","url":"https:\/\/castelodesaojorge.pt\/en\/","name":"Castelo de S\u00e3o Jorge","description":"","publisher":{"@id":"https:\/\/castelodesaojorge.pt\/en\/#organization"},"potentialAction":[{"@type":"SearchAction","target":{"@type":"EntryPoint","urlTemplate":"https:\/\/castelodesaojorge.pt\/en\/?s={search_term_string}"},"query-input":{"@type":"PropertyValueSpecification","valueRequired":true,"valueName":"search_term_string"}}],"inLanguage":"en-US"},{"@type":"Organization","@id":"https:\/\/castelodesaojorge.pt\/en\/#organization","name":"Castelo de S\u00e3o Jorge","url":"https:\/\/castelodesaojorge.pt\/en\/","logo":{"@type":"ImageObject","inLanguage":"en-US","@id":"https:\/\/castelodesaojorge.pt\/en\/#\/schema\/logo\/image\/","url":"https:\/\/castelodesaojorge.pt\/wp-content\/uploads\/2022\/07\/brancalogomarca_comp.png","contentUrl":"https:\/\/castelodesaojorge.pt\/wp-content\/uploads\/2022\/07\/brancalogomarca_comp.png","width":295,"height":80,"caption":"Castelo de S\u00e3o Jorge"},"image":{"@id":"https:\/\/castelodesaojorge.pt\/en\/#\/schema\/logo\/image\/"},"sameAs":["https:\/\/www.facebook.com\/castelodesaojorge","https:\/\/www.instagram.com\/castelodesjorge\/"]}]}},"featured_img":"https:\/\/castelodesaojorge.pt\/wp-content\/uploads\/2023\/08\/Mistura-se-garum-com-galinha-desfiada_Fotografia-Tiago-Ladeira-scaled.jpg","coauthors":[],"author_meta":{"author_link":"https:\/\/castelodesaojorge.pt\/en\/author\/joana-blasques\/","display_name":"Joana Blasques"},"relative_dates":{"created":"Posted 3 years ago","modified":"Updated 3 years ago"},"absolute_dates":{"created":"Posted on 17 de August, 2023","modified":"Updated on 17 de August, 2023"},"absolute_dates_time":{"created":"Posted on 17 de August, 2023 10:28","modified":"Updated on 17 de August, 2023 10:28"},"featured_img_caption":"","tax_additional":{"post_tag":{"linked":[],"unlinked":[],"slug":"post_tag","name":"Tags"},"mec_category":{"linked":[],"unlinked":[],"slug":"mec_category","name":"Categories"},"mec_label":{"linked":[],"unlinked":[],"slug":"mec_label","name":"Labels"},"mec_location":{"linked":[],"unlinked":[],"slug":"mec_location","name":"Locations"},"mec_organizer":{"linked":[],"unlinked":[],"slug":"mec_organizer","name":"Organizers"}},"series_order":"","_links":{"self":[{"href":"https:\/\/castelodesaojorge.pt\/en\/wp-json\/wp\/v2\/mec-events\/8496","targetHints":{"allow":["GET"]}}],"collection":[{"href":"https:\/\/castelodesaojorge.pt\/en\/wp-json\/wp\/v2\/mec-events"}],"about":[{"href":"https:\/\/castelodesaojorge.pt\/en\/wp-json\/wp\/v2\/types\/mec-events"}],"author":[{"embeddable":true,"href":"https:\/\/castelodesaojorge.pt\/en\/wp-json\/wp\/v2\/users\/3"}],"replies":[{"embeddable":true,"href":"https:\/\/castelodesaojorge.pt\/en\/wp-json\/wp\/v2\/comments?post=8496"}],"wp:featuredmedia":[{"embeddable":true,"href":"https:\/\/castelodesaojorge.pt\/en\/wp-json\/wp\/v2\/media\/8489"}],"wp:attachment":[{"href":"https:\/\/castelodesaojorge.pt\/en\/wp-json\/wp\/v2\/media?parent=8496"}],"wp:term":[{"taxonomy":"post_tag","embeddable":true,"href":"https:\/\/castelodesaojorge.pt\/en\/wp-json\/wp\/v2\/tags?post=8496"},{"taxonomy":"mec_category","embeddable":true,"href":"https:\/\/castelodesaojorge.pt\/en\/wp-json\/wp\/v2\/mec_category?post=8496"}],"curies":[{"name":"wp","href":"https:\/\/api.w.org\/{rel}","templated":true}]}}